{"id":2815,"date":"2022-04-27T12:53:08","date_gmt":"2022-04-27T10:53:08","guid":{"rendered":"https:\/\/nova.dorcadental.com\/experiencia\/"},"modified":"2023-05-10T16:59:37","modified_gmt":"2023-05-10T14:59:37","slug":"experiencia","status":"publish","type":"page","link":"https:\/\/dorcadental.com\/es\/experiencia\/","title":{"rendered":"Experiencia"},"content":{"rendered":"\t\t<div data-elementor-type=\"wp-page\" data-elementor-id=\"2815\" class=\"elementor elementor-2815 elementor-25\" data-elementor-post-type=\"page\">\n\t\t\t\t\t\t<section class=\"elementor-section elementor-top-section elementor-element elementor-element-1e51288 elementor-section-boxed elementor-section-height-default elementor-section-height-default wpr-particle-no wpr-jarallax-no wpr-parallax-no wpr-sticky-section-no wpr-equal-height-no\" data-id=\"1e51288\" data-element_type=\"section\" data-e-type=\"section\" data-settings=\"{&quot;background_background&quot;:&quot;classic&quot;}\">\n\t\t\t\t\t\t<div class=\"elementor-container elementor-column-gap-default\">\n\t\t\t\t\t<div class=\"elementor-column elementor-col-33 elementor-top-column elementor-element elementor-element-e39d7b7\" data-id=\"e39d7b7\" data-element_type=\"column\" data-e-type=\"column\">\n\t\t\t<div class=\"elementor-widget-wrap\">\n\t\t\t\t\t\t\t<\/div>\n\t\t<\/div>\n\t\t\t\t<div class=\"elementor-column elementor-col-33 elementor-top-column elementor-element elementor-element-c17ed07\" data-id=\"c17ed07\" data-element_type=\"column\" data-e-type=\"column\">\n\t\t\t<div class=\"elementor-widget-wrap elementor-element-populated\">\n\t\t\t\t\t\t<div class=\"elementor-element elementor-element-75ef30a elementor-widget elementor-widget-spacer\" data-id=\"75ef30a\" data-element_type=\"widget\" data-e-type=\"widget\" data-widget_type=\"spacer.default\">\n\t\t\t\t<div class=\"elementor-widget-container\">\n\t\t\t\t\t\t\t<div class=\"elementor-spacer\">\n\t\t\t<div class=\"elementor-spacer-inner\"><\/div>\n\t\t<\/div>\n\t\t\t\t\t\t<\/div>\n\t\t\t\t<\/div>\n\t\t\t\t<div class=\"elementor-element elementor-element-783e8b9 elementor-widget elementor-widget-text-editor\" data-id=\"783e8b9\" data-element_type=\"widget\" data-e-type=\"widget\" data-widget_type=\"text-editor.default\">\n\t\t\t\t<div class=\"elementor-widget-container\">\n\t\t\t\t\t\t\t\t\t<p>Experiencia<\/p>\n\t\t\t\t\t\t\t\t<\/div>\n\t\t\t\t<\/div>\n\t\t\t\t<div class=\"elementor-element elementor-element-9a32e72 elementor-widget-divider--view-line elementor-invisible elementor-widget elementor-widget-divider\" data-id=\"9a32e72\" data-element_type=\"widget\" data-e-type=\"widget\" data-settings=\"{&quot;_animation&quot;:&quot;zoomIn&quot;}\" data-widget_type=\"divider.default\">\n\t\t\t\t<div class=\"elementor-widget-container\">\n\t\t\t\t\t\t\t<div class=\"elementor-divider\">\n\t\t\t<span class=\"elementor-divider-separator\">\n\t\t\t\t\t\t<\/span>\n\t\t<\/div>\n\t\t\t\t\t\t<\/div>\n\t\t\t\t<\/div>\n\t\t\t\t<div class=\"elementor-element elementor-element-6464de3 elementor-widget elementor-widget-text-editor\" data-id=\"6464de3\" data-element_type=\"widget\" data-e-type=\"widget\" data-settings=\"{&quot;_animation_mobile&quot;:&quot;none&quot;}\" data-widget_type=\"text-editor.default\">\n\t\t\t\t<div class=\"elementor-widget-container\">\n\t\t\t\t\t\t\t\t\t<p>Todo empez\u00f3 cuando Elena, Directora m\u00e9dica de la cl\u00ednica <span style=\"color: #7e9bc0;\"><strong>Dorca dental<\/strong><\/span>, colaboraba en distintas consultas para adquirir experiencia en el mundo odontol\u00f3gico. En ese momento se le present\u00f3 una oportunidad \u00fanica, gestionar una de las cl\u00ednicas en las que colaboraba en Torroella de Montgr\u00ed.<\/p><p>Con s\u00f3lo 24 a\u00f1os, Elena empez\u00f3 a dirigir, conjuntamente con el Doctor de la cl\u00ednica, el d\u00eda a d\u00eda de la consulta. La confianza por parte del Director m\u00e9dico permiti\u00f3 a Elena hacerse cargo de toda la gesti\u00f3n durante los tres a\u00f1os siguientes.<\/p><p>En esa etapa cre\u00f3 el servicio de odontolog\u00eda con el equipo de atenci\u00f3n primaria del CAP de Rosas y ocup\u00f3 una plaza de profesora asociada (Odontolog\u00eda integrada de adultos) en la Facultad de Odontolog\u00eda de la Universidad de Barcelona.<\/p><p>Y es en <strong>1997<\/strong> cuando se plantea la posibilidad de abrir una consulta en <strong>Banyoles<\/strong>, muy cerca del emblem\u00e1tico lago de Banyoles, la ciudad donde naci\u00f3 Albert, el marido de Elena. <strong>Con el objetivo de seguir velando por la salud dental<\/strong>, decide abrir las puertas de la cl\u00ednica <strong>Dorca dental<\/strong> en Banyoles.<\/p>\t\t\t\t\t\t\t\t<\/div>\n\t\t\t\t<\/div>\n\t\t\t\t\t<\/div>\n\t\t<\/div>\n\t\t\t\t<div class=\"elementor-column elementor-col-33 elementor-top-column elementor-element elementor-element-dfdf264\" data-id=\"dfdf264\" data-element_type=\"column\" data-e-type=\"column\">\n\t\t\t<div class=\"elementor-widget-wrap\">\n\t\t\t\t\t\t\t<\/div>\n\t\t<\/div>\n\t\t\t\t\t<\/div>\n\t\t<\/section>\n\t\t\t\t<section class=\"elementor-section elementor-top-section elementor-element elementor-element-c26f3b7 elementor-section-boxed elementor-section-height-default elementor-section-height-default wpr-particle-no wpr-jarallax-no wpr-parallax-no wpr-sticky-section-no wpr-equal-height-no\" data-id=\"c26f3b7\" data-element_type=\"section\" data-e-type=\"section\">\n\t\t\t\t\t\t<div class=\"elementor-container elementor-column-gap-default\">\n\t\t\t\t\t<div class=\"elementor-column elementor-col-33 elementor-top-column elementor-element elementor-element-6638926\" data-id=\"6638926\" data-element_type=\"column\" data-e-type=\"column\">\n\t\t\t<div class=\"elementor-widget-wrap\">\n\t\t\t\t\t\t\t<\/div>\n\t\t<\/div>\n\t\t\t\t<div class=\"elementor-column elementor-col-33 elementor-top-column elementor-element elementor-element-93cfae6\" data-id=\"93cfae6\" data-element_type=\"column\" data-e-type=\"column\">\n\t\t\t<div class=\"elementor-widget-wrap elementor-element-populated\">\n\t\t\t\t\t\t<section class=\"elementor-section elementor-inner-section elementor-element elementor-element-0c43c52 elementor-section-boxed elementor-section-height-default elementor-section-height-default wpr-particle-no wpr-jarallax-no wpr-parallax-no wpr-sticky-section-no wpr-equal-height-no\" data-id=\"0c43c52\" data-element_type=\"section\" data-e-type=\"section\">\n\t\t\t\t\t\t<div class=\"elementor-container elementor-column-gap-default\">\n\t\t\t\t\t<div class=\"elementor-column elementor-col-50 elementor-inner-column elementor-element elementor-element-af5496e\" data-id=\"af5496e\" data-element_type=\"column\" data-e-type=\"column\">\n\t\t\t<div class=\"elementor-widget-wrap elementor-element-populated\">\n\t\t\t\t\t\t<div class=\"elementor-element elementor-element-fd4e129 elementor-widget elementor-widget-text-editor\" data-id=\"fd4e129\" data-element_type=\"widget\" data-e-type=\"widget\" data-settings=\"{&quot;_animation_mobile&quot;:&quot;none&quot;}\" data-widget_type=\"text-editor.default\">\n\t\t\t\t<div class=\"elementor-widget-container\">\n\t\t\t\t\t\t\t\t\t<p>Desde sus inicios, Elena ofrece una\u00a0<strong>atenci\u00f3n integral<\/strong>\u00a0coordinando las\u00a0<strong>distintas especialidades odontol\u00f3gicas<\/strong>\u00a0y con un seguimiento constante durante todo el proceso de los tratamientos.<\/p>\t\t\t\t\t\t\t\t<\/div>\n\t\t\t\t<\/div>\n\t\t\t\t\t<\/div>\n\t\t<\/div>\n\t\t\t\t<div class=\"elementor-column elementor-col-50 elementor-inner-column elementor-element elementor-element-459101e\" data-id=\"459101e\" data-element_type=\"column\" data-e-type=\"column\">\n\t\t\t<div class=\"elementor-widget-wrap elementor-element-populated\">\n\t\t\t\t\t\t<div class=\"elementor-element elementor-element-883b718 elementor-widget elementor-widget-text-editor\" data-id=\"883b718\" data-element_type=\"widget\" data-e-type=\"widget\" data-widget_type=\"text-editor.default\">\n\t\t\t\t<div class=\"elementor-widget-container\">\n\t\t\t\t\t\t\t\t\t<div title=\"Page 1\">\n<div>\n<div>\n<div>\n<div title=\"Page 1\">\n<div>\n<div>\n<div>\n<div>\n<div>\n<div>\n<div>\n<div>\n<div>\n<div>\n<div>\n<div>\n<div>\n<p>\u201cUn buen tratamiento requiere<br \/>del buen diagn\u00f3stico\u201d<\/p>\n<\/div>\n<\/div>\n<\/div>\n<\/div>\n<\/div>\n<\/div>\n<\/div>\n<\/div>\n<\/div>\n<\/div>\n<\/div>\n<\/div>\n<\/div>\n<\/div>\n<\/div>\n<\/div>\n<\/div>\n<\/div>\n\t\t\t\t\t\t\t\t<\/div>\n\t\t\t\t<\/div>\n\t\t\t\t\t<\/div>\n\t\t<\/div>\n\t\t\t\t\t<\/div>\n\t\t<\/section>\n\t\t\t\t\t<\/div>\n\t\t<\/div>\n\t\t\t\t<div class=\"elementor-column elementor-col-33 elementor-top-column elementor-element elementor-element-cea1377\" data-id=\"cea1377\" data-element_type=\"column\" data-e-type=\"column\">\n\t\t\t<div class=\"elementor-widget-wrap\">\n\t\t\t\t\t\t\t<\/div>\n\t\t<\/div>\n\t\t\t\t\t<\/div>\n\t\t<\/section>\n\t\t\t\t<section class=\"elementor-section elementor-top-section elementor-element elementor-element-bb969d1 elementor-section-boxed elementor-section-height-default elementor-section-height-default wpr-particle-no wpr-jarallax-no wpr-parallax-no wpr-sticky-section-no wpr-equal-height-no\" data-id=\"bb969d1\" data-element_type=\"section\" data-e-type=\"section\">\n\t\t\t\t\t\t<div class=\"elementor-container elementor-column-gap-default\">\n\t\t\t\t\t<div class=\"elementor-column elementor-col-33 elementor-top-column elementor-element elementor-element-48dd29d\" data-id=\"48dd29d\" data-element_type=\"column\" data-e-type=\"column\">\n\t\t\t<div class=\"elementor-widget-wrap\">\n\t\t\t\t\t\t\t<\/div>\n\t\t<\/div>\n\t\t\t\t<div class=\"elementor-column elementor-col-33 elementor-top-column elementor-element elementor-element-f38ae33\" data-id=\"f38ae33\" data-element_type=\"column\" data-e-type=\"column\">\n\t\t\t<div class=\"elementor-widget-wrap elementor-element-populated\">\n\t\t\t\t\t\t<section class=\"elementor-section elementor-inner-section elementor-element elementor-element-c0c509e elementor-section-boxed elementor-section-height-default elementor-section-height-default wpr-particle-no wpr-jarallax-no wpr-parallax-no wpr-sticky-section-no wpr-equal-height-no\" data-id=\"c0c509e\" data-element_type=\"section\" data-e-type=\"section\">\n\t\t\t\t\t\t<div class=\"elementor-container elementor-column-gap-default\">\n\t\t\t\t\t<div class=\"elementor-column elementor-col-50 elementor-inner-column elementor-element elementor-element-502ec46\" data-id=\"502ec46\" data-element_type=\"column\" data-e-type=\"column\">\n\t\t\t<div class=\"elementor-widget-wrap elementor-element-populated\">\n\t\t\t\t\t\t<div class=\"elementor-element elementor-element-3224702 elementor-widget elementor-widget-text-editor\" data-id=\"3224702\" data-element_type=\"widget\" data-e-type=\"widget\" data-widget_type=\"text-editor.default\">\n\t\t\t\t<div class=\"elementor-widget-container\">\n\t\t\t\t\t\t\t\t\t\u00abEl buen diagn\u00f3stico se realiza evaluando cada caso con conocimiento y de forma personalizada\u00bb afirma Elena. \t\t\t\t\t\t\t\t<\/div>\n\t\t\t\t<\/div>\n\t\t\t\t\t<\/div>\n\t\t<\/div>\n\t\t\t\t<div class=\"elementor-column elementor-col-50 elementor-inner-column elementor-element elementor-element-2ca27c9\" data-id=\"2ca27c9\" data-element_type=\"column\" data-e-type=\"column\">\n\t\t\t<div class=\"elementor-widget-wrap elementor-element-populated\">\n\t\t\t\t\t\t<div class=\"elementor-element elementor-element-93e824e elementor-widget elementor-widget-text-editor\" data-id=\"93e824e\" data-element_type=\"widget\" data-e-type=\"widget\" data-settings=\"{&quot;_animation_mobile&quot;:&quot;none&quot;}\" data-widget_type=\"text-editor.default\">\n\t\t\t\t<div class=\"elementor-widget-container\">\n\t\t\t\t\t\t\t\t\t<p><strong><span style=\"color: #7e9bc0;\">Dorca dental<\/span>\u00a0<\/strong>garantiza una\u00a0<strong>odontolog\u00eda de confianza<\/strong>\u00a0gracias a un trato cercano y familiar, la experiencia adquirida a lo largo de los m\u00e1s de 20 a\u00f1os y la formaci\u00f3n constante de todo el equipo.<\/p>\t\t\t\t\t\t\t\t<\/div>\n\t\t\t\t<\/div>\n\t\t\t\t\t<\/div>\n\t\t<\/div>\n\t\t\t\t\t<\/div>\n\t\t<\/section>\n\t\t\t\t\t<\/div>\n\t\t<\/div>\n\t\t\t\t<div class=\"elementor-column elementor-col-33 elementor-top-column elementor-element elementor-element-a22e2e3\" data-id=\"a22e2e3\" data-element_type=\"column\" data-e-type=\"column\">\n\t\t\t<div class=\"elementor-widget-wrap\">\n\t\t\t\t\t\t\t<\/div>\n\t\t<\/div>\n\t\t\t\t\t<\/div>\n\t\t<\/section>\n\t\t\t\t<section class=\"elementor-section elementor-top-section elementor-element elementor-element-00fc63d elementor-section-boxed elementor-section-height-default elementor-section-height-default wpr-particle-no wpr-jarallax-no wpr-parallax-no wpr-sticky-section-no wpr-equal-height-no\" data-id=\"00fc63d\" data-element_type=\"section\" data-e-type=\"section\">\n\t\t\t\t\t\t<div class=\"elementor-container elementor-column-gap-default\">\n\t\t\t\t\t<div class=\"elementor-column elementor-col-100 elementor-top-column elementor-element elementor-element-323ba70\" data-id=\"323ba70\" data-element_type=\"column\" data-e-type=\"column\">\n\t\t\t<div class=\"elementor-widget-wrap elementor-element-populated\">\n\t\t\t\t\t\t<section class=\"elementor-section elementor-inner-section elementor-element elementor-element-2754345 elementor-section-boxed elementor-section-height-default elementor-section-height-default wpr-particle-no wpr-jarallax-no wpr-parallax-no wpr-sticky-section-no wpr-equal-height-no\" data-id=\"2754345\" data-element_type=\"section\" data-e-type=\"section\">\n\t\t\t\t\t\t<div class=\"elementor-container elementor-column-gap-default\">\n\t\t\t\t\t<div class=\"elementor-column elementor-col-100 elementor-inner-column elementor-element elementor-element-f4d4ea2\" data-id=\"f4d4ea2\" data-element_type=\"column\" data-e-type=\"column\">\n\t\t\t<div class=\"elementor-widget-wrap elementor-element-populated\">\n\t\t\t\t\t\t<div class=\"elementor-element elementor-element-e4c64ff elementor-widget elementor-widget-text-editor\" data-id=\"e4c64ff\" data-element_type=\"widget\" data-e-type=\"widget\" data-widget_type=\"text-editor.default\">\n\t\t\t\t<div class=\"elementor-widget-container\">\n\t\t\t\t\t\t\t\t\t<div class=\"page\" title=\"Page 1\">\n<div class=\"section\">\n<div class=\"layoutArea\">\n<div class=\"column\">\n<div class=\"page\" title=\"Page 1\">\n<div class=\"section\">\n<div class=\"layoutArea\">\n<div class=\"column\">\n<div class=\"vc_row wpb_row vc_row-fluid\">\n<div class=\"wpb_column vc_column_container vc_col-sm-12\">\n<div class=\"vc_column-inner\">\n<div class=\"wpb_wrapper\">\n<div class=\"vc_row wpb_row vc_inner vc_row-fluid\">\n<div class=\"wpb_column vc_column_container vc_col-sm-8\">\n<div class=\"vc_column-inner\">\n<div class=\"wpb_wrapper\">\n<div class=\"wpb_text_column wpb_content_element \">\n<div class=\"wpb_wrapper\">\n<div class=\"wpb_column vc_column_container vc_col-sm-8\">\n<div class=\"vc_column-inner\">\n<div class=\"wpb_wrapper\">\n<div class=\"vc_row wpb_row vc_inner vc_row-fluid\">\n<div class=\"wpb_column vc_column_container vc_col-sm-12\">\n<div class=\"vc_column-inner\">\n<div class=\"wpb_wrapper\">\n<div class=\"wpb_text_column wpb_content_element \">\n<div class=\"wpb_wrapper\">\n<p>Una experiencia positiva y de calidad. Conoce nuestro equipo y confiar\u00e1s en <span style=\"color: #7e9bc0;\"><strong>Dorca dental<\/strong><\/span>.<\/p>\n<\/div>\n<\/div>\n<\/div>\n<\/div>\n<\/div>\n<\/div>\n<\/div>\n<\/div>\n<\/div>\n<\/div>\n<\/div>\n<\/div>\n<\/div>\n<\/div>\n<\/div>\n<\/div>\n<\/div>\n<\/div>\n<\/div>\n<\/div>\n<\/div>\n<\/div>\n<\/div>\n<\/div>\n<\/div>\n<\/div>\n<\/div>\n\t\t\t\t\t\t\t\t<\/div>\n\t\t\t\t<\/div>\n\t\t\t\t\t<\/div>\n\t\t<\/div>\n\t\t\t\t\t<\/div>\n\t\t<\/section>\n\t\t\t\t\t<\/div>\n\t\t<\/div>\n\t\t\t\t\t<\/div>\n\t\t<\/section>\n\t\t\t\t<section class=\"elementor-section elementor-top-section elementor-element elementor-element-4b753b2 elementor-section-boxed elementor-section-height-default elementor-section-height-default wpr-particle-no wpr-jarallax-no wpr-parallax-no wpr-sticky-section-no wpr-equal-height-no\" data-id=\"4b753b2\" data-element_type=\"section\" data-e-type=\"section\">\n\t\t\t\t\t\t<div class=\"elementor-container elementor-column-gap-no\">\n\t\t\t\t\t<div class=\"elementor-column elementor-col-33 elementor-top-column elementor-element elementor-element-be40843\" data-id=\"be40843\" data-element_type=\"column\" data-e-type=\"column\">\n\t\t\t<div class=\"elementor-widget-wrap elementor-element-populated\">\n\t\t\t\t\t\t<div class=\"elementor-element elementor-element-f2a9fc0 wpr-flip-box-animation-flip wpr-flip-box-animation-3d-yes wpr-flip-box-anim-direction-right wpr-flip-box-front-align-center wpr-flip-box-back-align-center elementor-widget elementor-widget-wpr-flip-box\" data-id=\"f2a9fc0\" data-element_type=\"widget\" data-e-type=\"widget\" data-widget_type=\"wpr-flip-box.default\">\n\t\t\t\t<div class=\"elementor-widget-container\">\n\t\t\t\t\t\t\t\t\n\t\t<div class=\"wpr-flip-box\" data-trigger=\"hover\">\n\t\t\t\n\t\t\t<div class=\"wpr-flip-box-item wpr-flip-box-front wpr-anim-timing-ease-default\">\n\n\t\t\t\t<div class=\"wpr-flip-box-overlay\"><\/div>\n\n\t\t\t\t<div class=\"wpr-flip-box-content\">\n\t\t\t\t\t\n\t\t\t\t\t\t\t\t\t\t\n\t\t\t\t\t\t\t\t\t\t\t<h3 class=\"wpr-flip-box-title\">1970<\/h3>\n\t\t\t\t\t\n\t\t\t\t\t\t\n\n\t\t\t\t\t\t\n\n\t\t\t\t<\/div>\n\t\t\t<\/div>\n\n\t\t\t<div class=\"wpr-flip-box-item wpr-flip-box-back wpr-anim-timing-ease-default\">\n\n\t\t\t\t<div class=\"wpr-flip-box-overlay\"><\/div>\n\t\t\t\t\n\t\t\t\t<div class=\"wpr-flip-box-content\">\n\t\t\t\t\t\n\t\t\t\t\t\t\t\t\t\t<a class=\"wpr-flip-box-link\" href=\"#\"><\/a>\t\n\t\t\t\t\t\n\t\t\t\t\t\t\t\t\t\t\n\t\t\t\t\t\t\t\t\t\t\t<h3 class=\"wpr-flip-box-title\">\n\t\t\t\t\t\t\t1970\t\t\t\t\t\t<\/h3>\n\t\t\t\t\t\n\t\t\t\t\t\t\t\t\t\t\t<div class=\"wpr-flip-box-description\"><p class=\"p1\">El d\u00eda 24 de abril nace Elena Dorca y Garcia en Figueres.<\/p><\/div>\t\t\t\t\t\t\n\t\t\t\t\t\t\n\n\t\t\t\t\t\t\n\n\t\t\t\t<\/div>\n\t\t\t<\/div>\n\t\t<\/div>\n\n\t\t\t\t\t\t<\/div>\n\t\t\t\t<\/div>\n\t\t\t\t\t<\/div>\n\t\t<\/div>\n\t\t\t\t<div class=\"elementor-column elementor-col-33 elementor-top-column elementor-element elementor-element-e2edaf5\" data-id=\"e2edaf5\" data-element_type=\"column\" data-e-type=\"column\">\n\t\t\t<div class=\"elementor-widget-wrap elementor-element-populated\">\n\t\t\t\t\t\t<div class=\"elementor-element elementor-element-306ef44 wpr-flip-box-animation-flip wpr-flip-box-animation-3d-yes wpr-flip-box-anim-direction-right wpr-flip-box-front-align-center wpr-flip-box-back-align-center elementor-widget elementor-widget-wpr-flip-box\" data-id=\"306ef44\" data-element_type=\"widget\" data-e-type=\"widget\" data-widget_type=\"wpr-flip-box.default\">\n\t\t\t\t<div class=\"elementor-widget-container\">\n\t\t\t\t\t\t\t\t\n\t\t<div class=\"wpr-flip-box\" data-trigger=\"hover\">\n\t\t\t\n\t\t\t<div class=\"wpr-flip-box-item wpr-flip-box-front wpr-anim-timing-ease-default\">\n\n\t\t\t\t<div class=\"wpr-flip-box-overlay\"><\/div>\n\n\t\t\t\t<div class=\"wpr-flip-box-content\">\n\t\t\t\t\t\n\t\t\t\t\t\t\t\t\t\t\n\t\t\t\t\t\t\t\t\t\t\t<h3 class=\"wpr-flip-box-title\">1993<\/h3>\n\t\t\t\t\t\n\t\t\t\t\t\t\n\n\t\t\t\t\t\t\n\n\t\t\t\t<\/div>\n\t\t\t<\/div>\n\n\t\t\t<div class=\"wpr-flip-box-item wpr-flip-box-back wpr-anim-timing-ease-default\">\n\n\t\t\t\t<div class=\"wpr-flip-box-overlay\"><\/div>\n\t\t\t\t\n\t\t\t\t<div class=\"wpr-flip-box-content\">\n\t\t\t\t\t\n\t\t\t\t\t\t\t\t\t\t<a class=\"wpr-flip-box-link\" href=\"#\"><\/a>\t\n\t\t\t\t\t\n\t\t\t\t\t\t\t\t\t\t\n\t\t\t\t\t\t\t\t\t\t\t<h3 class=\"wpr-flip-box-title\">\n\t\t\t\t\t\t\t1993\t\t\t\t\t\t<\/h3>\n\t\t\t\t\t\n\t\t\t\t\t\t\t\t\t\t\t<div class=\"wpr-flip-box-description\"><p class=\"p1\">Elena se licencia en Odontolog\u00eda por la Universidad de Barcelona.<\/p><\/div>\t\t\t\t\t\t\n\t\t\t\t\t\t\n\n\t\t\t\t\t\t\n\n\t\t\t\t<\/div>\n\t\t\t<\/div>\n\t\t<\/div>\n\n\t\t\t\t\t\t<\/div>\n\t\t\t\t<\/div>\n\t\t\t\t\t<\/div>\n\t\t<\/div>\n\t\t\t\t<div class=\"elementor-column elementor-col-33 elementor-top-column elementor-element elementor-element-92bae68\" data-id=\"92bae68\" data-element_type=\"column\" data-e-type=\"column\">\n\t\t\t<div class=\"elementor-widget-wrap elementor-element-populated\">\n\t\t\t\t\t\t<div class=\"elementor-element elementor-element-3499472 wpr-flip-box-animation-flip wpr-flip-box-animation-3d-yes wpr-flip-box-anim-direction-right wpr-flip-box-front-align-center wpr-flip-box-back-align-center elementor-widget elementor-widget-wpr-flip-box\" data-id=\"3499472\" data-element_type=\"widget\" data-e-type=\"widget\" data-widget_type=\"wpr-flip-box.default\">\n\t\t\t\t<div class=\"elementor-widget-container\">\n\t\t\t\t\t\t\t\t\n\t\t<div class=\"wpr-flip-box\" data-trigger=\"hover\">\n\t\t\t\n\t\t\t<div class=\"wpr-flip-box-item wpr-flip-box-front wpr-anim-timing-ease-default\">\n\n\t\t\t\t<div class=\"wpr-flip-box-overlay\"><\/div>\n\n\t\t\t\t<div class=\"wpr-flip-box-content\">\n\t\t\t\t\t\n\t\t\t\t\t\t\t\t\t\t\n\t\t\t\t\t\t\t\t\t\t\t<h3 class=\"wpr-flip-box-title\">1997<\/h3>\n\t\t\t\t\t\n\t\t\t\t\t\t\n\n\t\t\t\t\t\t\n\n\t\t\t\t<\/div>\n\t\t\t<\/div>\n\n\t\t\t<div class=\"wpr-flip-box-item wpr-flip-box-back wpr-anim-timing-ease-default\">\n\n\t\t\t\t<div class=\"wpr-flip-box-overlay\"><\/div>\n\t\t\t\t\n\t\t\t\t<div class=\"wpr-flip-box-content\">\n\t\t\t\t\t\n\t\t\t\t\t\t\t\t\t\t<a class=\"wpr-flip-box-link\" href=\"#\"><\/a>\t\n\t\t\t\t\t\n\t\t\t\t\t\t\t\t\t\t\n\t\t\t\t\t\t\t\t\t\t\t<h3 class=\"wpr-flip-box-title\">\n\t\t\t\t\t\t\t1997\t\t\t\t\t\t<\/h3>\n\t\t\t\t\t\n\t\t\t\t\t\t\t\t\t\t\t<div class=\"wpr-flip-box-description\"><p class=\"p1\">Se abre la cl\u00ednica Dorca dental en Banyoles.<\/p><\/div>\t\t\t\t\t\t\n\t\t\t\t\t\t\n\n\t\t\t\t\t\t\n\n\t\t\t\t<\/div>\n\t\t\t<\/div>\n\t\t<\/div>\n\n\t\t\t\t\t\t<\/div>\n\t\t\t\t<\/div>\n\t\t\t\t\t<\/div>\n\t\t<\/div>\n\t\t\t\t\t<\/div>\n\t\t<\/section>\n\t\t\t\t<section class=\"elementor-section elementor-top-section elementor-element elementor-element-51157e3 elementor-section-boxed elementor-section-height-default elementor-section-height-default wpr-particle-no wpr-jarallax-no wpr-parallax-no wpr-sticky-section-no wpr-equal-height-no\" data-id=\"51157e3\" data-element_type=\"section\" data-e-type=\"section\">\n\t\t\t\t\t\t<div class=\"elementor-container elementor-column-gap-no\">\n\t\t\t\t\t<div class=\"elementor-column elementor-col-33 elementor-top-column elementor-element elementor-element-84e4e04\" data-id=\"84e4e04\" data-element_type=\"column\" data-e-type=\"column\">\n\t\t\t<div class=\"elementor-widget-wrap elementor-element-populated\">\n\t\t\t\t\t\t<div class=\"elementor-element elementor-element-a30afae wpr-flip-box-animation-flip wpr-flip-box-animation-3d-yes wpr-flip-box-anim-direction-right wpr-flip-box-front-align-center wpr-flip-box-back-align-center elementor-widget elementor-widget-wpr-flip-box\" data-id=\"a30afae\" data-element_type=\"widget\" data-e-type=\"widget\" data-widget_type=\"wpr-flip-box.default\">\n\t\t\t\t<div class=\"elementor-widget-container\">\n\t\t\t\t\t\t\t\t\n\t\t<div class=\"wpr-flip-box\" data-trigger=\"hover\">\n\t\t\t\n\t\t\t<div class=\"wpr-flip-box-item wpr-flip-box-front wpr-anim-timing-ease-default\">\n\n\t\t\t\t<div class=\"wpr-flip-box-overlay\"><\/div>\n\n\t\t\t\t<div class=\"wpr-flip-box-content\">\n\t\t\t\t\t\n\t\t\t\t\t\t\t\t\t\t\n\t\t\t\t\t\t\t\t\t\t\t<h3 class=\"wpr-flip-box-title\">1999<\/h3>\n\t\t\t\t\t\n\t\t\t\t\t\t\n\n\t\t\t\t\t\t\n\n\t\t\t\t<\/div>\n\t\t\t<\/div>\n\n\t\t\t<div class=\"wpr-flip-box-item wpr-flip-box-back wpr-anim-timing-ease-default\">\n\n\t\t\t\t<div class=\"wpr-flip-box-overlay\"><\/div>\n\t\t\t\t\n\t\t\t\t<div class=\"wpr-flip-box-content\">\n\t\t\t\t\t\n\t\t\t\t\t\t\t\t\t\t<a class=\"wpr-flip-box-link\" href=\"#\"><\/a>\t\n\t\t\t\t\t\n\t\t\t\t\t\t\t\t\t\t\n\t\t\t\t\t\t\t\t\t\t\t<h3 class=\"wpr-flip-box-title\">\n\t\t\t\t\t\t\t1999\t\t\t\t\t\t<\/h3>\n\t\t\t\t\t\n\t\t\t\t\t\t\t\t\t\t\t<div class=\"wpr-flip-box-description\"><p class=\"p1\">Elena vive intensamente el embarazo de la peque\u00f1a Anna y, dos a\u00f1os mas tarde, es madre de su hijo Llu\u00eds.<\/p><\/div>\t\t\t\t\t\t\n\t\t\t\t\t\t\n\n\t\t\t\t\t\t\n\n\t\t\t\t<\/div>\n\t\t\t<\/div>\n\t\t<\/div>\n\n\t\t\t\t\t\t<\/div>\n\t\t\t\t<\/div>\n\t\t\t\t\t<\/div>\n\t\t<\/div>\n\t\t\t\t<div class=\"elementor-column elementor-col-33 elementor-top-column elementor-element elementor-element-174c626\" data-id=\"174c626\" data-element_type=\"column\" data-e-type=\"column\">\n\t\t\t<div class=\"elementor-widget-wrap elementor-element-populated\">\n\t\t\t\t\t\t<div class=\"elementor-element elementor-element-295e013 wpr-flip-box-animation-flip wpr-flip-box-animation-3d-yes wpr-flip-box-anim-direction-right wpr-flip-box-front-align-center wpr-flip-box-back-align-center elementor-widget elementor-widget-wpr-flip-box\" data-id=\"295e013\" data-element_type=\"widget\" data-e-type=\"widget\" data-widget_type=\"wpr-flip-box.default\">\n\t\t\t\t<div class=\"elementor-widget-container\">\n\t\t\t\t\t\t\t\t\n\t\t<div class=\"wpr-flip-box\" data-trigger=\"hover\">\n\t\t\t\n\t\t\t<div class=\"wpr-flip-box-item wpr-flip-box-front wpr-anim-timing-ease-default\">\n\n\t\t\t\t<div class=\"wpr-flip-box-overlay\"><\/div>\n\n\t\t\t\t<div class=\"wpr-flip-box-content\">\n\t\t\t\t\t\n\t\t\t\t\t\t\t\t\t\t\n\t\t\t\t\t\t\t\t\t\t\t<h3 class=\"wpr-flip-box-title\">2005<\/h3>\n\t\t\t\t\t\n\t\t\t\t\t\t\n\n\t\t\t\t\t\t\n\n\t\t\t\t<\/div>\n\t\t\t<\/div>\n\n\t\t\t<div class=\"wpr-flip-box-item wpr-flip-box-back wpr-anim-timing-ease-default\">\n\n\t\t\t\t<div class=\"wpr-flip-box-overlay\"><\/div>\n\t\t\t\t\n\t\t\t\t<div class=\"wpr-flip-box-content\">\n\t\t\t\t\t\n\t\t\t\t\t\t\t\t\t\t<a class=\"wpr-flip-box-link\" href=\"#\"><\/a>\t\n\t\t\t\t\t\n\t\t\t\t\t\t\t\t\t\t\n\t\t\t\t\t\t\t\t\t\t\t<h3 class=\"wpr-flip-box-title\">\n\t\t\t\t\t\t\t2005\t\t\t\t\t\t<\/h3>\n\t\t\t\t\t\n\t\t\t\t\t\t\t\t\t\t\t<div class=\"wpr-flip-box-description\"><p class=\"p1\">Se amplia la cl\u00ednica para ofrecer las distintas especialidades odontol\u00f3gicas mejorando el servicio a los pacientes.<\/p><\/div>\t\t\t\t\t\t\n\t\t\t\t\t\t\n\n\t\t\t\t\t\t\n\n\t\t\t\t<\/div>\n\t\t\t<\/div>\n\t\t<\/div>\n\n\t\t\t\t\t\t<\/div>\n\t\t\t\t<\/div>\n\t\t\t\t\t<\/div>\n\t\t<\/div>\n\t\t\t\t<div class=\"elementor-column elementor-col-33 elementor-top-column elementor-element elementor-element-409ec2f\" data-id=\"409ec2f\" data-element_type=\"column\" data-e-type=\"column\">\n\t\t\t<div class=\"elementor-widget-wrap elementor-element-populated\">\n\t\t\t\t\t\t<div class=\"elementor-element elementor-element-a9ab5f8 wpr-flip-box-animation-flip wpr-flip-box-animation-3d-yes wpr-flip-box-anim-direction-right wpr-flip-box-front-align-center wpr-flip-box-back-align-center elementor-widget elementor-widget-wpr-flip-box\" data-id=\"a9ab5f8\" data-element_type=\"widget\" data-e-type=\"widget\" data-widget_type=\"wpr-flip-box.default\">\n\t\t\t\t<div class=\"elementor-widget-container\">\n\t\t\t\t\t\t\t\t\n\t\t<div class=\"wpr-flip-box\" data-trigger=\"hover\">\n\t\t\t\n\t\t\t<div class=\"wpr-flip-box-item wpr-flip-box-front wpr-anim-timing-ease-default\">\n\n\t\t\t\t<div class=\"wpr-flip-box-overlay\"><\/div>\n\n\t\t\t\t<div class=\"wpr-flip-box-content\">\n\t\t\t\t\t\n\t\t\t\t\t\t\t\t\t\t\n\t\t\t\t\t\t\t\t\t\t\t<h3 class=\"wpr-flip-box-title\">2010<\/h3>\n\t\t\t\t\t\n\t\t\t\t\t\t\n\n\t\t\t\t\t\t\n\n\t\t\t\t<\/div>\n\t\t\t<\/div>\n\n\t\t\t<div class=\"wpr-flip-box-item wpr-flip-box-back wpr-anim-timing-ease-default\">\n\n\t\t\t\t<div class=\"wpr-flip-box-overlay\"><\/div>\n\t\t\t\t\n\t\t\t\t<div class=\"wpr-flip-box-content\">\n\t\t\t\t\t\n\t\t\t\t\t\t\t\t\t\t<a class=\"wpr-flip-box-link\" href=\"#\"><\/a>\t\n\t\t\t\t\t\n\t\t\t\t\t\t\t\t\t\t\n\t\t\t\t\t\t\t\t\t\t\t<h3 class=\"wpr-flip-box-title\">\n\t\t\t\t\t\t\t2010\t\t\t\t\t\t<\/h3>\n\t\t\t\t\t\n\t\t\t\t\t\t\t\t\t\t\t<div class=\"wpr-flip-box-description\"><p class=\"p1\">Elena se forma en Implantolog\u00eda y Est\u00e9tica dental.<\/p><\/div>\t\t\t\t\t\t\n\t\t\t\t\t\t\n\n\t\t\t\t\t\t\n\n\t\t\t\t<\/div>\n\t\t\t<\/div>\n\t\t<\/div>\n\n\t\t\t\t\t\t<\/div>\n\t\t\t\t<\/div>\n\t\t\t\t\t<\/div>\n\t\t<\/div>\n\t\t\t\t\t<\/div>\n\t\t<\/section>\n\t\t\t\t<section class=\"elementor-section elementor-top-section elementor-element elementor-element-336a950 elementor-section-boxed elementor-section-height-default elementor-section-height-default wpr-particle-no wpr-jarallax-no wpr-parallax-no wpr-sticky-section-no wpr-equal-height-no\" data-id=\"336a950\" data-element_type=\"section\" data-e-type=\"section\" data-settings=\"{&quot;background_background&quot;:&quot;slideshow&quot;,&quot;background_slideshow_gallery&quot;:[{&quot;id&quot;:340,&quot;url&quot;:&quot;https:\\\/\\\/dorcadental.com\\\/wp-content\\\/uploads\\\/2022\\\/05\\\/dorcadental_estany_banyoles-scaled.jpeg&quot;}],&quot;background_slideshow_loop&quot;:&quot;yes&quot;,&quot;background_slideshow_slide_duration&quot;:5000,&quot;background_slideshow_slide_transition&quot;:&quot;fade&quot;,&quot;background_slideshow_transition_duration&quot;:500}\">\n\t\t\t\t\t\t<div class=\"elementor-container elementor-column-gap-default\">\n\t\t\t\t\t<div class=\"elementor-column elementor-col-100 elementor-top-column elementor-element elementor-element-ddfb29f\" data-id=\"ddfb29f\" data-element_type=\"column\" data-e-type=\"column\">\n\t\t\t<div class=\"elementor-widget-wrap elementor-element-populated\">\n\t\t\t\t\t\t<div class=\"elementor-element elementor-element-4e5acf6 elementor-widget elementor-widget-spacer\" data-id=\"4e5acf6\" data-element_type=\"widget\" data-e-type=\"widget\" data-widget_type=\"spacer.default\">\n\t\t\t\t<div class=\"elementor-widget-container\">\n\t\t\t\t\t\t\t<div class=\"elementor-spacer\">\n\t\t\t<div class=\"elementor-spacer-inner\"><\/div>\n\t\t<\/div>\n\t\t\t\t\t\t<\/div>\n\t\t\t\t<\/div>\n\t\t\t\t\t<\/div>\n\t\t<\/div>\n\t\t\t\t\t<\/div>\n\t\t<\/section>\n\t\t\t\t<\/div>\n\t\t","protected":false},"excerpt":{"rendered":"<p>Experiencia Todo empez\u00f3 cuando Elena, Directora m\u00e9dica de la cl\u00ednica Dorca dental, colaboraba en distintas consultas para adquirir experiencia en el mundo odontol\u00f3gico. En ese momento se le present\u00f3 una oportunidad \u00fanica, gestionar una de las cl\u00ednicas en las que colaboraba en Torroella de Montgr\u00ed. Con s\u00f3lo 24 a\u00f1os, Elena empez\u00f3 a dirigir, conjuntamente con el Doctor de la cl\u00ednica, el d\u00eda a d\u00eda de la consulta. La confianza por parte del Director m\u00e9dico permiti\u00f3 a Elena hacerse cargo de toda la gesti\u00f3n durante los tres a\u00f1os siguientes. En esa etapa cre\u00f3 el servicio de odontolog\u00eda con el equipo de atenci\u00f3n primaria del CAP de Rosas y ocup\u00f3 una plaza de profesora asociada (Odontolog\u00eda integrada de adultos) en la Facultad de Odontolog\u00eda de la Universidad de Barcelona. Y es en 1997 cuando se plantea la posibilidad de abrir una consulta en Banyoles, muy cerca del emblem\u00e1tico lago de Banyoles, la ciudad donde naci\u00f3 Albert, el marido de Elena. Con el objetivo de seguir velando por la salud dental, decide abrir las puertas de la cl\u00ednica Dorca dental en Banyoles. Desde sus inicios, Elena ofrece una\u00a0atenci\u00f3n integral\u00a0coordinando las\u00a0distintas especialidades odontol\u00f3gicas\u00a0y con un seguimiento constante durante todo el proceso de los tratamientos. \u201cUn buen tratamiento requieredel buen diagn\u00f3stico\u201d \u00abEl buen diagn\u00f3stico se realiza evaluando cada caso con conocimiento y de forma personalizada\u00bb afirma Elena. Dorca dental\u00a0garantiza una\u00a0odontolog\u00eda de confianza\u00a0gracias a un trato cercano y familiar, la experiencia adquirida a lo largo de los m\u00e1s de 20 a\u00f1os y la formaci\u00f3n constante de todo el equipo. Una experiencia positiva y de calidad. Conoce nuestro equipo y confiar\u00e1s en Dorca dental. 1970 1970 El d\u00eda 24 de abril nace Elena Dorca y Garcia en Figueres. 1993 1993 Elena se licencia en Odontolog\u00eda por la Universidad de Barcelona. 1997 1997 Se abre la cl\u00ednica Dorca dental en Banyoles. 1999 1999 Elena vive intensamente el embarazo de la peque\u00f1a Anna y, dos a\u00f1os mas tarde, es madre de su hijo Llu\u00eds. 2005 2005 Se amplia la cl\u00ednica para ofrecer las distintas especialidades odontol\u00f3gicas mejorando el servicio a los pacientes. 2010 2010 Elena se forma en Implantolog\u00eda y Est\u00e9tica dental.<\/p>\n","protected":false},"author":1,"featured_media":0,"parent":0,"menu_order":0,"comment_status":"closed","ping_status":"closed","template":"elementor_header_footer","meta":{"footnotes":""},"class_list":["post-2815","page","type-page","status-publish","hentry"],"yoast_head":"<!-- This site is optimized with the Yoast SEO plugin v27.4 - https:\/\/yoast.com\/product\/yoast-seo-wordpress\/ -->\n<title>Experiencia - Dorca dental<\/title>\n<meta name=\"robots\" content=\"index, follow, max-snippet:-1, max-image-preview:large, max-video-preview:-1\" \/>\n<link rel=\"canonical\" href=\"https:\/\/dorcadental.com\/es\/experiencia\/\" \/>\n<meta property=\"og:locale\" content=\"es_ES\" \/>\n<meta property=\"og:type\" content=\"article\" \/>\n<meta property=\"og:title\" content=\"Experiencia - Dorca dental\" \/>\n<meta property=\"og:description\" content=\"Experiencia Todo empez\u00f3 cuando Elena, Directora m\u00e9dica de la cl\u00ednica Dorca dental, colaboraba en distintas consultas para adquirir experiencia en el mundo odontol\u00f3gico. En ese momento se le present\u00f3 una oportunidad \u00fanica, gestionar una de las cl\u00ednicas en las que colaboraba en Torroella de Montgr\u00ed. Con s\u00f3lo 24 a\u00f1os, Elena empez\u00f3 a dirigir, conjuntamente con el Doctor de la cl\u00ednica, el d\u00eda a d\u00eda de la consulta. La confianza por parte del Director m\u00e9dico permiti\u00f3 a Elena hacerse cargo de toda la gesti\u00f3n durante los tres a\u00f1os siguientes. En esa etapa cre\u00f3 el servicio de odontolog\u00eda con el equipo de atenci\u00f3n primaria del CAP de Rosas y ocup\u00f3 una plaza de profesora asociada (Odontolog\u00eda integrada de adultos) en la Facultad de Odontolog\u00eda de la Universidad de Barcelona. Y es en 1997 cuando se plantea la posibilidad de abrir una consulta en Banyoles, muy cerca del emblem\u00e1tico lago de Banyoles, la ciudad donde naci\u00f3 Albert, el marido de Elena. Con el objetivo de seguir velando por la salud dental, decide abrir las puertas de la cl\u00ednica Dorca dental en Banyoles. Desde sus inicios, Elena ofrece una\u00a0atenci\u00f3n integral\u00a0coordinando las\u00a0distintas especialidades odontol\u00f3gicas\u00a0y con un seguimiento constante durante todo el proceso de los tratamientos. \u201cUn buen tratamiento requieredel buen diagn\u00f3stico\u201d \u00abEl buen diagn\u00f3stico se realiza evaluando cada caso con conocimiento y de forma personalizada\u00bb afirma Elena. Dorca dental\u00a0garantiza una\u00a0odontolog\u00eda de confianza\u00a0gracias a un trato cercano y familiar, la experiencia adquirida a lo largo de los m\u00e1s de 20 a\u00f1os y la formaci\u00f3n constante de todo el equipo. Una experiencia positiva y de calidad. Conoce nuestro equipo y confiar\u00e1s en Dorca dental. 1970 1970 El d\u00eda 24 de abril nace Elena Dorca y Garcia en Figueres. 1993 1993 Elena se licencia en Odontolog\u00eda por la Universidad de Barcelona. 1997 1997 Se abre la cl\u00ednica Dorca dental en Banyoles. 1999 1999 Elena vive intensamente el embarazo de la peque\u00f1a Anna y, dos a\u00f1os mas tarde, es madre de su hijo Llu\u00eds. 2005 2005 Se amplia la cl\u00ednica para ofrecer las distintas especialidades odontol\u00f3gicas mejorando el servicio a los pacientes. 2010 2010 Elena se forma en Implantolog\u00eda y Est\u00e9tica dental.\" \/>\n<meta property=\"og:url\" content=\"https:\/\/dorcadental.com\/es\/experiencia\/\" \/>\n<meta property=\"og:site_name\" content=\"Dorca dental\" \/>\n<meta property=\"article:publisher\" content=\"https:\/\/www.facebook.com\/dorcadental\" \/>\n<meta property=\"article:modified_time\" content=\"2023-05-10T14:59:37+00:00\" \/>\n<meta name=\"twitter:card\" content=\"summary_large_image\" \/>\n<meta name=\"twitter:label1\" content=\"Tiempo de lectura\" \/>\n\t<meta name=\"twitter:data1\" content=\"2 minutos\" \/>\n<script type=\"application\/ld+json\" class=\"yoast-schema-graph\">{\"@context\":\"https:\\\/\\\/schema.org\",\"@graph\":[{\"@type\":\"WebPage\",\"@id\":\"https:\\\/\\\/dorcadental.com\\\/es\\\/experiencia\\\/\",\"url\":\"https:\\\/\\\/dorcadental.com\\\/es\\\/experiencia\\\/\",\"name\":\"Experiencia - Dorca dental\",\"isPartOf\":{\"@id\":\"https:\\\/\\\/dorcadental.com\\\/es\\\/#website\"},\"datePublished\":\"2022-04-27T10:53:08+00:00\",\"dateModified\":\"2023-05-10T14:59:37+00:00\",\"breadcrumb\":{\"@id\":\"https:\\\/\\\/dorcadental.com\\\/es\\\/experiencia\\\/#breadcrumb\"},\"inLanguage\":\"es\",\"potentialAction\":[{\"@type\":\"ReadAction\",\"target\":[\"https:\\\/\\\/dorcadental.com\\\/es\\\/experiencia\\\/\"]}]},{\"@type\":\"BreadcrumbList\",\"@id\":\"https:\\\/\\\/dorcadental.com\\\/es\\\/experiencia\\\/#breadcrumb\",\"itemListElement\":[{\"@type\":\"ListItem\",\"position\":1,\"name\":\"Inici\",\"item\":\"https:\\\/\\\/dorcadental.com\\\/es\\\/\"},{\"@type\":\"ListItem\",\"position\":2,\"name\":\"Experiencia\"}]},{\"@type\":\"WebSite\",\"@id\":\"https:\\\/\\\/dorcadental.com\\\/es\\\/#website\",\"url\":\"https:\\\/\\\/dorcadental.com\\\/es\\\/\",\"name\":\"Dorca dental\",\"description\":\"La teva cl\u00ednica dental a Banyoles\",\"publisher\":{\"@id\":\"https:\\\/\\\/dorcadental.com\\\/es\\\/#organization\"},\"potentialAction\":[{\"@type\":\"SearchAction\",\"target\":{\"@type\":\"EntryPoint\",\"urlTemplate\":\"https:\\\/\\\/dorcadental.com\\\/es\\\/?s={search_term_string}\"},\"query-input\":{\"@type\":\"PropertyValueSpecification\",\"valueRequired\":true,\"valueName\":\"search_term_string\"}}],\"inLanguage\":\"es\"},{\"@type\":\"Organization\",\"@id\":\"https:\\\/\\\/dorcadental.com\\\/es\\\/#organization\",\"name\":\"Dorca dental\",\"url\":\"https:\\\/\\\/dorcadental.com\\\/es\\\/\",\"logo\":{\"@type\":\"ImageObject\",\"inLanguage\":\"es\",\"@id\":\"https:\\\/\\\/dorcadental.com\\\/es\\\/#\\\/schema\\\/logo\\\/image\\\/\",\"url\":\"https:\\\/\\\/dorcadental.com\\\/wp-content\\\/uploads\\\/2022\\\/04\\\/dorca-dental-logo-25.svg\",\"contentUrl\":\"https:\\\/\\\/dorcadental.com\\\/wp-content\\\/uploads\\\/2022\\\/04\\\/dorca-dental-logo-25.svg\",\"width\":245,\"height\":76,\"caption\":\"Dorca dental\"},\"image\":{\"@id\":\"https:\\\/\\\/dorcadental.com\\\/es\\\/#\\\/schema\\\/logo\\\/image\\\/\"},\"sameAs\":[\"https:\\\/\\\/www.facebook.com\\\/dorcadental\",\"https:\\\/\\\/www.instagram.com\\\/dorcadental\\\/\"]}]}<\/script>\n<!-- \/ Yoast SEO plugin. -->","yoast_head_json":{"title":"Experiencia - Dorca dental","robots":{"index":"index","follow":"follow","max-snippet":"max-snippet:-1","max-image-preview":"max-image-preview:large","max-video-preview":"max-video-preview:-1"},"canonical":"https:\/\/dorcadental.com\/es\/experiencia\/","og_locale":"es_ES","og_type":"article","og_title":"Experiencia - Dorca dental","og_description":"Experiencia Todo empez\u00f3 cuando Elena, Directora m\u00e9dica de la cl\u00ednica Dorca dental, colaboraba en distintas consultas para adquirir experiencia en el mundo odontol\u00f3gico. En ese momento se le present\u00f3 una oportunidad \u00fanica, gestionar una de las cl\u00ednicas en las que colaboraba en Torroella de Montgr\u00ed. Con s\u00f3lo 24 a\u00f1os, Elena empez\u00f3 a dirigir, conjuntamente con el Doctor de la cl\u00ednica, el d\u00eda a d\u00eda de la consulta. La confianza por parte del Director m\u00e9dico permiti\u00f3 a Elena hacerse cargo de toda la gesti\u00f3n durante los tres a\u00f1os siguientes. En esa etapa cre\u00f3 el servicio de odontolog\u00eda con el equipo de atenci\u00f3n primaria del CAP de Rosas y ocup\u00f3 una plaza de profesora asociada (Odontolog\u00eda integrada de adultos) en la Facultad de Odontolog\u00eda de la Universidad de Barcelona. Y es en 1997 cuando se plantea la posibilidad de abrir una consulta en Banyoles, muy cerca del emblem\u00e1tico lago de Banyoles, la ciudad donde naci\u00f3 Albert, el marido de Elena. Con el objetivo de seguir velando por la salud dental, decide abrir las puertas de la cl\u00ednica Dorca dental en Banyoles. Desde sus inicios, Elena ofrece una\u00a0atenci\u00f3n integral\u00a0coordinando las\u00a0distintas especialidades odontol\u00f3gicas\u00a0y con un seguimiento constante durante todo el proceso de los tratamientos. \u201cUn buen tratamiento requieredel buen diagn\u00f3stico\u201d \u00abEl buen diagn\u00f3stico se realiza evaluando cada caso con conocimiento y de forma personalizada\u00bb afirma Elena. Dorca dental\u00a0garantiza una\u00a0odontolog\u00eda de confianza\u00a0gracias a un trato cercano y familiar, la experiencia adquirida a lo largo de los m\u00e1s de 20 a\u00f1os y la formaci\u00f3n constante de todo el equipo. Una experiencia positiva y de calidad. Conoce nuestro equipo y confiar\u00e1s en Dorca dental. 1970 1970 El d\u00eda 24 de abril nace Elena Dorca y Garcia en Figueres. 1993 1993 Elena se licencia en Odontolog\u00eda por la Universidad de Barcelona. 1997 1997 Se abre la cl\u00ednica Dorca dental en Banyoles. 1999 1999 Elena vive intensamente el embarazo de la peque\u00f1a Anna y, dos a\u00f1os mas tarde, es madre de su hijo Llu\u00eds. 2005 2005 Se amplia la cl\u00ednica para ofrecer las distintas especialidades odontol\u00f3gicas mejorando el servicio a los pacientes. 2010 2010 Elena se forma en Implantolog\u00eda y Est\u00e9tica dental.","og_url":"https:\/\/dorcadental.com\/es\/experiencia\/","og_site_name":"Dorca dental","article_publisher":"https:\/\/www.facebook.com\/dorcadental","article_modified_time":"2023-05-10T14:59:37+00:00","twitter_card":"summary_large_image","twitter_misc":{"Tiempo de lectura":"2 minutos"},"schema":{"@context":"https:\/\/schema.org","@graph":[{"@type":"WebPage","@id":"https:\/\/dorcadental.com\/es\/experiencia\/","url":"https:\/\/dorcadental.com\/es\/experiencia\/","name":"Experiencia - Dorca dental","isPartOf":{"@id":"https:\/\/dorcadental.com\/es\/#website"},"datePublished":"2022-04-27T10:53:08+00:00","dateModified":"2023-05-10T14:59:37+00:00","breadcrumb":{"@id":"https:\/\/dorcadental.com\/es\/experiencia\/#breadcrumb"},"inLanguage":"es","potentialAction":[{"@type":"ReadAction","target":["https:\/\/dorcadental.com\/es\/experiencia\/"]}]},{"@type":"BreadcrumbList","@id":"https:\/\/dorcadental.com\/es\/experiencia\/#breadcrumb","itemListElement":[{"@type":"ListItem","position":1,"name":"Inici","item":"https:\/\/dorcadental.com\/es\/"},{"@type":"ListItem","position":2,"name":"Experiencia"}]},{"@type":"WebSite","@id":"https:\/\/dorcadental.com\/es\/#website","url":"https:\/\/dorcadental.com\/es\/","name":"Dorca dental","description":"La teva cl\u00ednica dental a Banyoles","publisher":{"@id":"https:\/\/dorcadental.com\/es\/#organization"},"potentialAction":[{"@type":"SearchAction","target":{"@type":"EntryPoint","urlTemplate":"https:\/\/dorcadental.com\/es\/?s={search_term_string}"},"query-input":{"@type":"PropertyValueSpecification","valueRequired":true,"valueName":"search_term_string"}}],"inLanguage":"es"},{"@type":"Organization","@id":"https:\/\/dorcadental.com\/es\/#organization","name":"Dorca dental","url":"https:\/\/dorcadental.com\/es\/","logo":{"@type":"ImageObject","inLanguage":"es","@id":"https:\/\/dorcadental.com\/es\/#\/schema\/logo\/image\/","url":"https:\/\/dorcadental.com\/wp-content\/uploads\/2022\/04\/dorca-dental-logo-25.svg","contentUrl":"https:\/\/dorcadental.com\/wp-content\/uploads\/2022\/04\/dorca-dental-logo-25.svg","width":245,"height":76,"caption":"Dorca dental"},"image":{"@id":"https:\/\/dorcadental.com\/es\/#\/schema\/logo\/image\/"},"sameAs":["https:\/\/www.facebook.com\/dorcadental","https:\/\/www.instagram.com\/dorcadental\/"]}]}},"_links":{"self":[{"href":"https:\/\/dorcadental.com\/es\/wp-json\/wp\/v2\/pages\/2815","targetHints":{"allow":["GET"]}}],"collection":[{"href":"https:\/\/dorcadental.com\/es\/wp-json\/wp\/v2\/pages"}],"about":[{"href":"https:\/\/dorcadental.com\/es\/wp-json\/wp\/v2\/types\/page"}],"author":[{"embeddable":true,"href":"https:\/\/dorcadental.com\/es\/wp-json\/wp\/v2\/users\/1"}],"replies":[{"embeddable":true,"href":"https:\/\/dorcadental.com\/es\/wp-json\/wp\/v2\/comments?post=2815"}],"version-history":[{"count":18,"href":"https:\/\/dorcadental.com\/es\/wp-json\/wp\/v2\/pages\/2815\/revisions"}],"predecessor-version":[{"id":14425,"href":"https:\/\/dorcadental.com\/es\/wp-json\/wp\/v2\/pages\/2815\/revisions\/14425"}],"wp:attachment":[{"href":"https:\/\/dorcadental.com\/es\/wp-json\/wp\/v2\/media?parent=2815"}],"curies":[{"name":"wp","href":"https:\/\/api.w.org\/{rel}","templated":true}]}}